{"id":610,"date":"2025-05-29T12:25:32","date_gmt":"2025-05-29T10:25:32","guid":{"rendered":"http:\/\/lc-rapid-dortmund.de\/wordpress\/?page_id=610"},"modified":"2025-05-29T12:25:32","modified_gmt":"2025-05-29T10:25:32","slug":"organisation","status":"publish","type":"page","link":"https:\/\/lc-rapid-dortmund.de\/wordpress\/organisation\/","title":{"rendered":"Organisation"},"content":{"rendered":"\n<h6 class=\"wp-block-heading\">Mitglieder des erweiterten Vorstands<\/h6>\n\n\n\n<div class=\"wp-block-columns container is-layout-flex wp-container-core-columns-is-layout-a287f40a wp-block-columns-is-layout-flex\" style=\"margin-top:var(--wp--preset--spacing--20);margin-bottom:var(--wp--preset--spacing--20);padding-top:0;padding-right:0;padding-bottom:0;padding-left:0\">\n<div class=\"wp-block-column is-layout-flow wp-block-column-is-layout-flow\">\n<figure class=\"wp-block-table\"><table style=\"border-style:none;border-width:0px\"><thead><tr><th class=\"has-text-align-left\" data-align=\"left\">1. Vorsitzender<\/th><\/tr><\/thead><tbody><tr><td class=\"has-text-align-left\" data-align=\"left\"><img loading=\"lazy\" decoding=\"async\" width=\"30\" height=\"30\" class=\"wp-image-289\" style=\"width: 30px;\" src=\"http:\/\/lc-rapid-dortmund.de\/wordpress\/wp-content\/uploads\/2025\/04\/person-1.png\" alt=\"\"> Gerhard Kappert<\/td><\/tr><tr><td class=\"has-text-align-left\" data-align=\"left\"><img loading=\"lazy\" decoding=\"async\" width=\"30\" height=\"30\" class=\"wp-image-290\" style=\"width: 30px;\" src=\"http:\/\/lc-rapid-dortmund.de\/wordpress\/wp-content\/uploads\/2025\/04\/email.png\" alt=\"\">  &#x67;e&#x72;d&#x2e;&#107;&#x61;&#112;p&#x65;r&#x74;&#64;&#x6c;&#99;&#x2d;&#114;a&#x70;i&#x64;&#45;&#x64;&#111;&#x72;&#x74;m&#x75;n&#x64;&#46;&#x64;&#101;<\/td><\/tr><tr><td class=\"has-text-align-left\" data-align=\"left\"><img loading=\"lazy\" decoding=\"async\" width=\"30\" height=\"30\" class=\"wp-image-291\" style=\"width: 30px;\" src=\"http:\/\/lc-rapid-dortmund.de\/wordpress\/wp-content\/uploads\/2025\/04\/tel.png\" alt=\"\"> &#x30;&#x32;&#x33;&#51;&#48;&#47;89&#x31;&#x39;&#x30;&#x30;&#54;<\/td><\/tr><\/tbody><\/table><\/figure>\n<\/div>\n\n\n\n<div class=\"wp-block-column is-layout-flow wp-block-column-is-layout-flow\">\n<figure class=\"wp-block-table\"><table style=\"border-style:none;border-width:0px\"><thead><tr><th class=\"has-text-align-left\" data-align=\"left\">2. Vorsitzender<\/th><\/tr><\/thead><tbody><tr><td class=\"has-text-align-left\" data-align=\"left\"><img loading=\"lazy\" decoding=\"async\" width=\"30\" height=\"30\" class=\"wp-image-289\" style=\"width: 30px;\" src=\"http:\/\/lc-rapid-dortmund.de\/wordpress\/wp-content\/uploads\/2025\/04\/person-1.png\" alt=\"\"> Martin Hedtkamp<\/td><\/tr><tr><td class=\"has-text-align-left\" data-align=\"left\"><img loading=\"lazy\" decoding=\"async\" width=\"30\" height=\"30\" class=\"wp-image-290\" style=\"width: 30px;\" src=\"http:\/\/lc-rapid-dortmund.de\/wordpress\/wp-content\/uploads\/2025\/04\/email.png\" alt=\"\"> &#x6d;&#97;&#x72;&#116;i&#x6e;&#46;h&#x65;&#100;&#x74;&#x6b;a&#x6d;&#112;&#64;&#x6c;&#99;&#x2d;&#x72;a&#x70;&#105;d&#x2d;&#100;o&#x72;&#116;&#x6d;&#117;n&#x64;&#46;d&#x65;<\/td><\/tr><tr><td class=\"has-text-align-left\" data-align=\"left\"><img loading=\"lazy\" decoding=\"async\" width=\"30\" height=\"30\" class=\"wp-image-291\" style=\"width: 30px;\" src=\"http:\/\/lc-rapid-dortmund.de\/wordpress\/wp-content\/uploads\/2025\/04\/tel.png\" alt=\"\"> &#48;2&#x33;1&#x2f;1&#x30;6&#x34;&#52;&#x30;&#52;<\/td><\/tr><\/tbody><\/table><\/figure>\n<\/div>\n<\/div>\n\n\n\n<div class=\"wp-block-columns container is-layout-flex wp-container-core-columns-is-layout-a287f40a wp-block-columns-is-layout-flex\" style=\"margin-top:var(--wp--preset--spacing--20);margin-bottom:var(--wp--preset--spacing--20);padding-top:0;padding-right:0;padding-bottom:0;padding-left:0\">\n<div class=\"wp-block-column is-layout-flow wp-block-column-is-layout-flow\">\n<figure class=\"wp-block-table\"><table style=\"border-style:none;border-width:0px\"><thead><tr><th class=\"has-text-align-left\" data-align=\"left\">Sportlicher Leiter<\/th><\/tr><\/thead><tbody><tr><td class=\"has-text-align-left\" data-align=\"left\"><img loading=\"lazy\" decoding=\"async\" width=\"30\" height=\"30\" class=\"wp-image-289\" style=\"width: 30px;\" src=\"http:\/\/lc-rapid-dortmund.de\/wordpress\/wp-content\/uploads\/2025\/04\/person-1.png\" alt=\"\"> G\u00fcnter Schrogl<\/td><\/tr><tr><td class=\"has-text-align-left\" data-align=\"left\"><img loading=\"lazy\" decoding=\"async\" width=\"30\" height=\"30\" class=\"wp-image-290\" style=\"width: 30px;\" src=\"http:\/\/lc-rapid-dortmund.de\/wordpress\/wp-content\/uploads\/2025\/04\/email.png\" alt=\"\"> &#103;&#x75;e&#110;&#x74;e&#x72;&#x2e;&#115;&#x63;h&#114;&#x6f;g&#108;&#x40;&#108;&#x63;-&#114;&#x61;p&#105;&#x64;&#45;&#x64;&#x6f;&#114;&#x74;m&#117;&#x6e;d&#x2e;&#x64;&#101;<\/td><\/tr><tr><td class=\"has-text-align-left\" data-align=\"left\"><img loading=\"lazy\" decoding=\"async\" width=\"30\" height=\"30\" class=\"wp-image-291\" style=\"width: 30px;\" src=\"http:\/\/lc-rapid-dortmund.de\/wordpress\/wp-content\/uploads\/2025\/04\/tel.png\" alt=\"\"> &#x30;&#x32;&#x33;&#x31;&#47;&#52;&#51;&#55;087<\/td><\/tr><\/tbody><\/table><\/figure>\n<\/div>\n\n\n\n<div class=\"wp-block-column is-layout-flow wp-block-column-is-layout-flow\">\n<figure class=\"wp-block-table\"><table style=\"border-style:none;border-width:0px\"><thead><tr><th class=\"has-text-align-left\" data-align=\"left\">Kassenwart &amp; Mitgliederverwaltung<\/th><\/tr><\/thead><tbody><tr><td class=\"has-text-align-left\" data-align=\"left\"><img loading=\"lazy\" decoding=\"async\" width=\"30\" height=\"30\" class=\"wp-image-289\" style=\"width: 30px;\" src=\"http:\/\/lc-rapid-dortmund.de\/wordpress\/wp-content\/uploads\/2025\/04\/person-1.png\" alt=\"\"> Gereon Max<\/td><\/tr><tr><td class=\"has-text-align-left\" data-align=\"left\"><img loading=\"lazy\" decoding=\"async\" width=\"30\" height=\"30\" class=\"wp-image-290\" style=\"width: 30px;\" src=\"http:\/\/lc-rapid-dortmund.de\/wordpress\/wp-content\/uploads\/2025\/04\/email.png\" alt=\"\"> gere&#111;&#110;&#46;&#109;&#97;&#120;&#64;&#x6c;&#x63;&#x2d;&#x72;&#x61;&#x70;&#x69;&#x64;&#x2d;dort&#109;&#117;&#110;&#100;&#46;&#100;&#101;<\/td><\/tr><tr><td class=\"has-text-align-left\" data-align=\"left\"><img loading=\"lazy\" decoding=\"async\" width=\"30\" height=\"30\" class=\"wp-image-291\" style=\"width: 30px;\" src=\"http:\/\/lc-rapid-dortmund.de\/wordpress\/wp-content\/uploads\/2025\/04\/tel.png\" alt=\"\"> &#x30;&#x32;&#x33;&#x31;&#x2f;&#x39;&#53;&#52;&#56;&#55;38<\/td><\/tr><\/tbody><\/table><\/figure>\n<\/div>\n<\/div>\n\n\n\n<div class=\"wp-block-columns container is-layout-flex wp-container-core-columns-is-layout-a287f40a wp-block-columns-is-layout-flex\" style=\"margin-top:var(--wp--preset--spacing--20);margin-bottom:var(--wp--preset--spacing--20);padding-top:0;padding-right:0;padding-bottom:0;padding-left:0\">\n<div class=\"wp-block-column is-layout-flow wp-block-column-is-layout-flow\">\n<figure class=\"wp-block-table\"><table style=\"border-style:none;border-width:0px\"><thead><tr><th class=\"has-text-align-left\" data-align=\"left\">Sch\u00fcler- &amp; Jugendwart<\/th><\/tr><\/thead><tbody><tr><td class=\"has-text-align-left\" data-align=\"left\"><img loading=\"lazy\" decoding=\"async\" width=\"30\" height=\"30\" class=\"wp-image-289\" style=\"width: 30px;\" src=\"http:\/\/lc-rapid-dortmund.de\/wordpress\/wp-content\/uploads\/2025\/04\/person-1.png\" alt=\"\"> Tim Oelschl\u00e4ger<\/td><\/tr><tr><td class=\"has-text-align-left\" data-align=\"left\"><img loading=\"lazy\" decoding=\"async\" width=\"30\" height=\"30\" class=\"wp-image-290\" style=\"width: 30px;\" src=\"http:\/\/lc-rapid-dortmund.de\/wordpress\/wp-content\/uploads\/2025\/04\/email.png\" alt=\"\"> tim&#46;&#111;&#101;&#108;&#x73;&#x63;&#x68;&#x6c;&#x61;&#x65;&#x67;er&#64;&#108;&#99;&#45;&#114;&#97;&#x70;&#x69;&#x64;&#x2d;&#x64;&#x6f;rtmu&#110;&#100;&#46;&#100;&#x65;<\/td><\/tr><tr><td class=\"has-text-align-left\" data-align=\"left\"><img loading=\"lazy\" decoding=\"async\" width=\"30\" height=\"30\" class=\"wp-image-291\" style=\"width: 30px;\" src=\"http:\/\/lc-rapid-dortmund.de\/wordpress\/wp-content\/uploads\/2025\/04\/tel.png\" alt=\"\"> &#x30;&#x31;&#x37;&#x38;&#47;&#57;&#49;55&#x33;&#x38;&#x32;<\/td><\/tr><\/tbody><\/table><\/figure>\n<\/div>\n\n\n\n<div class=\"wp-block-column is-layout-flow wp-block-column-is-layout-flow\">\n<figure class=\"wp-block-table\"><table style=\"border-style:none;border-width:0px\"><thead><tr><th class=\"has-text-align-left\" data-align=\"left\">Sch\u00fcler- &amp; Jugendwart<\/th><\/tr><\/thead><tbody><tr><td class=\"has-text-align-left\" data-align=\"left\"><img loading=\"lazy\" decoding=\"async\" width=\"30\" height=\"30\" class=\"wp-image-289\" style=\"width: 30px;\" src=\"http:\/\/lc-rapid-dortmund.de\/wordpress\/wp-content\/uploads\/2025\/04\/person-1.png\" alt=\"\"> Colin Agar<\/td><\/tr><tr><td class=\"has-text-align-left\" data-align=\"left\"><img loading=\"lazy\" decoding=\"async\" width=\"30\" height=\"30\" class=\"wp-image-290\" style=\"width: 30px;\" src=\"http:\/\/lc-rapid-dortmund.de\/wordpress\/wp-content\/uploads\/2025\/04\/email.png\" alt=\"\"> &#x63;&#x6f;&#x6c;&#x69;&#x6e;&#x2e;&#x61;&#103;&#97;&#114;&#64;&#108;c-ra&#x70;&#x69;&#x64;&#x2d;&#x64;&#x6f;&#x72;&#x74;&#109;&#117;&#110;&#100;&#46;de<\/td><\/tr><tr><td class=\"has-text-align-left\" data-align=\"left\"><img loading=\"lazy\" decoding=\"async\" width=\"30\" height=\"30\" class=\"wp-image-291\" style=\"width: 30px;\" src=\"http:\/\/lc-rapid-dortmund.de\/wordpress\/wp-content\/uploads\/2025\/04\/tel.png\" alt=\"\"> 0&#49;&#x35;&#x37;3&#47;&#53;&#x36;&#x33;8&#56;&#55;&#x31;<\/td><\/tr><\/tbody><\/table><\/figure>\n<\/div>\n<\/div>\n\n\n\n<h6 class=\"wp-block-heading\">Vereinseintritt<\/h6>\n\n\n\n<p>Wer in unserem Verein aufgenommen werden m\u00f6chte, druckt sich den Aufnahmeantrag&nbsp;aus und gibt ihn bitte ausgef\u00fcllt einem der \u00dcbungsleiter \/ Trainer oder, noch besser, schickt ihn an die auf dem Antrag angegebene (email) Adresse. Hier geht es zum <a href=\"http:\/\/lc-rapid-dortmund.de\/wordpress\/wp-content\/uploads\/2025\/04\/Aufnahmeantrag_LC_Rapid.pdf\" target=\"_blank\" rel=\"noreferrer noopener\">Aufnahmeantrag als PDF<\/a>.<\/p>\n","protected":false},"excerpt":{"rendered":"<p>Mitglieder des erweiterten Vorstands 1. Vorsitzender Gerhard Kappert 2. Vorsitzender Martin Hedtkamp Sportlicher Leiter G\u00fcnter Schrogl Kassenwart &amp; Mitgliederverwaltung Gereon Max Sch\u00fcler- &amp; Jugendwart Tim Oelschl\u00e4ger Sch\u00fcler- &amp; Jugendwart Colin Agar Vereinseintritt Wer in unserem Verein aufgenommen werden m\u00f6chte, druckt sich den Aufnahmeantrag&nbsp;aus und gibt ihn bitte ausgef\u00fcllt einem der \u00dcbungsleiter \/ Trainer oder, noch [&hellip;]<\/p>\n","protected":false},"author":1,"featured_media":0,"parent":0,"menu_order":0,"comment_status":"closed","ping_status":"closed","template":"","meta":{"_coblocks_attr":"","_coblocks_dimensions":"","_coblocks_responsive_height":"","_coblocks_accordion_ie_support":"","site-sidebar-layout":"default","site-content-layout":"","ast-site-content-layout":"default","site-content-style":"default","site-sidebar-style":"default","ast-global-header-display":"","ast-banner-title-visibility":"","ast-main-header-display":"","ast-hfb-above-header-display":"","ast-hfb-below-header-display":"","ast-hfb-mobile-header-display":"","site-post-title":"","ast-breadcrumbs-content":"","ast-featured-img":"","footer-sml-layout":"","ast-disable-related-posts":"","theme-transparent-header-meta":"","adv-header-id-meta":"","stick-header-meta":"","header-above-stick-meta":"","header-main-stick-meta":"","header-below-stick-meta":"","astra-migrate-meta-layouts":"default","ast-page-background-enabled":"default","ast-page-background-meta":{"desktop":{"background-color":"var(--ast-global-color-5)","background-image":"","background-repeat":"repeat","background-position":"center center","background-size":"auto","background-attachment":"scroll","background-type":"","background-media":"","overlay-type":"","overlay-color":"","overlay-opacity":"","overlay-gradient":""},"tablet":{"background-color":"","background-image":"","background-repeat":"repeat","background-position":"center center","background-size":"auto","background-attachment":"scroll","background-type":"","background-media":"","overlay-type":"","overlay-color":"","overlay-opacity":"","overlay-gradient":""},"mobile":{"background-color":"","background-image":"","background-repeat":"repeat","background-position":"center center","background-size":"auto","background-attachment":"scroll","background-type":"","background-media":"","overlay-type":"","overlay-color":"","overlay-opacity":"","overlay-gradient":""}},"ast-content-background-meta":{"desktop":{"background-color":"var(--ast-global-color-4)","background-image":"","background-repeat":"repeat","background-position":"center center","background-size":"auto","background-attachment":"scroll","background-type":"","background-media":"","overlay-type":"","overlay-color":"","overlay-opacity":"","overlay-gradient":""},"tablet":{"background-color":"var(--ast-global-color-4)","background-image":"","background-repeat":"repeat","background-position":"center center","background-size":"auto","background-attachment":"scroll","background-type":"","background-media":"","overlay-type":"","overlay-color":"","overlay-opacity":"","overlay-gradient":""},"mobile":{"background-color":"var(--ast-global-color-4)","background-image":"","background-repeat":"repeat","background-position":"center center","background-size":"auto","background-attachment":"scroll","background-type":"","background-media":"","overlay-type":"","overlay-color":"","overlay-opacity":"","overlay-gradient":""}},"footnotes":""},"class_list":["post-610","page","type-page","status-publish","hentry"],"_links":{"self":[{"href":"https:\/\/lc-rapid-dortmund.de\/wordpress\/wp-json\/wp\/v2\/pages\/610","targetHints":{"allow":["GET"]}}],"collection":[{"href":"https:\/\/lc-rapid-dortmund.de\/wordpress\/wp-json\/wp\/v2\/pages"}],"about":[{"href":"https:\/\/lc-rapid-dortmund.de\/wordpress\/wp-json\/wp\/v2\/types\/page"}],"author":[{"embeddable":true,"href":"https:\/\/lc-rapid-dortmund.de\/wordpress\/wp-json\/wp\/v2\/users\/1"}],"replies":[{"embeddable":true,"href":"https:\/\/lc-rapid-dortmund.de\/wordpress\/wp-json\/wp\/v2\/comments?post=610"}],"version-history":[{"count":2,"href":"https:\/\/lc-rapid-dortmund.de\/wordpress\/wp-json\/wp\/v2\/pages\/610\/revisions"}],"predecessor-version":[{"id":615,"href":"https:\/\/lc-rapid-dortmund.de\/wordpress\/wp-json\/wp\/v2\/pages\/610\/revisions\/615"}],"wp:attachment":[{"href":"https:\/\/lc-rapid-dortmund.de\/wordpress\/wp-json\/wp\/v2\/media?parent=610"}],"curies":[{"name":"wp","href":"https:\/\/api.w.org\/{rel}","templated":true}]}}